{"id":194,"date":"2019-06-09T22:26:53","date_gmt":"2019-06-09T20:26:53","guid":{"rendered":"http:\/\/www.kulturgestalten.net\/?page_id=194"},"modified":"2026-02-26T13:17:54","modified_gmt":"2026-02-26T12:17:54","slug":"mitwirkende","status":"publish","type":"page","link":"http:\/\/www.kulturgestalten.net\/index.php\/mitwirkende\/","title":{"rendered":"Mitwirkende"},"content":{"rendered":"<section class=\"l-section wpb_row height_medium\"><div class=\"l-section-h i-cf\"><div class=\"g-cols vc_row via_flex valign_top type_default stacking_default\"><div class=\"vc_col-sm-12 wpb_column vc_column_container\"><div class=\"vc_column-inner\"><div class=\"wpb_wrapper\"><div class=\"wpb_text_column\"><div class=\"wpb_wrapper\"><p>Theater lebt von kreativen Menschen. Wir wollen Deine Kreativit\u00e4t f\u00f6rdern und Dir die M\u00f6glichkeit geben Dich mit Deinen individuellen St\u00e4rken in die gemeinsame kulturelle Arbeit mit einzubringen.<\/p>\n<\/div><\/div><\/div><\/div><\/div><\/div><\/div><\/section><section class=\"l-section wpb_row height_medium\"><div class=\"l-section-h i-cf\"><div class=\"g-cols vc_row via_flex valign_top type_default stacking_default\"><div class=\"vc_col-sm-4 wpb_column vc_column_container\"><div class=\"vc_column-inner\"><div class=\"wpb_wrapper\"><div class=\"w-counter us_custom_340a028a color_primary align_center animation_none has_font_size\" data-duration=\"3\" style=\"--w-counter-duration: 3s;\"><div class=\"w-counter-value\" aria-label=\"122\"><span class=\"w-counter-value-part final\" aria-hidden=\"true\">122<\/span><span class=\"w-counter-value-part hidden type_text\" aria-hidden=\"true\" data-final><\/span><span class=\"w-counter-value-part hidden type_number\" aria-hidden=\"true\" data-final=\"122\">1<\/span><span class=\"w-counter-value-part hidden type_text\" aria-hidden=\"true\" data-final><\/span><\/div><h6 class=\"w-counter-title\">Kulturgestalten<\/h6><\/div><div class=\"wpb_text_column\"><div class=\"wpb_wrapper\"><p>&#8230;bringen sich mit Leidenschaft und Ihren pers\u00f6nlichen Talenten in unseren vielf\u00e4ltigen Projekten ein.<\/p>\n<\/div><\/div><\/div><\/div><\/div><div class=\"vc_col-sm-4 wpb_column vc_column_container\"><div class=\"vc_column-inner\"><div class=\"wpb_wrapper\"><div class=\"w-counter us_custom_1ac58425 color_primary align_center animation_none has_font_size\" data-duration=\"2\" style=\"--w-counter-duration: 2s;\"><div class=\"w-counter-value\" aria-label=\"56\"><span class=\"w-counter-value-part final\" aria-hidden=\"true\">56<\/span><span class=\"w-counter-value-part hidden type_text\" aria-hidden=\"true\" data-final><\/span><span class=\"w-counter-value-part hidden type_number\" aria-hidden=\"true\" data-final=\"56\">1<\/span><span class=\"w-counter-value-part hidden type_text\" aria-hidden=\"true\" data-final><\/span><\/div><h6 class=\"w-counter-title\">Darsteller<\/h6><\/div><div class=\"wpb_text_column\"><div class=\"wpb_wrapper\"><p>&#8230;werden professionell aus- und weitergebildet um erfolgreich auf der B\u00fchne zu stehen.<\/p>\n<\/div><\/div><\/div><\/div><\/div><div class=\"vc_col-sm-4 wpb_column vc_column_container\"><div class=\"vc_column-inner\"><div class=\"wpb_wrapper\"><div class=\"w-counter us_custom_1ac58425 color_primary align_center animation_none has_font_size\" data-duration=\"2\" style=\"--w-counter-duration: 2s;\"><div class=\"w-counter-value\" aria-label=\"12\"><span class=\"w-counter-value-part final\" aria-hidden=\"true\">12<\/span><span class=\"w-counter-value-part hidden type_text\" aria-hidden=\"true\" data-final><\/span><span class=\"w-counter-value-part hidden type_number\" aria-hidden=\"true\" data-final=\"12\">1<\/span><span class=\"w-counter-value-part hidden type_text\" aria-hidden=\"true\" data-final><\/span><\/div><h6 class=\"w-counter-title\">Verantwortungsbereiche<\/h6><\/div><div class=\"wpb_text_column\"><div class=\"wpb_wrapper\"><p>&#8230;in denen sich jeder Einzelne mit seinen individuellen Talenten verwirklichen kann.<\/p>\n<\/div><\/div><\/div><\/div><\/div><\/div><\/div><\/section><section class=\"l-section wpb_row height_medium with_img parallax_ver\"><div class=\"l-section-img\" role=\"img\" aria-label=\"Bild\" data-img-width=\"2560\" data-img-height=\"1707\" style=\"background-image: url(http:\/\/www.kulturgestalten.net\/wp-content\/uploads\/2019\/10\/IMG_0678-blackwhite-scaled.jpg);background-repeat: repeat-y;\"><\/div><div class=\"l-section-overlay\" style=\"background:rgba(225,77,67,0.85)\"><\/div><div class=\"l-section-h i-cf\"><div class=\"g-cols vc_row via_flex valign_top type_default stacking_default\"><div class=\"vc_col-sm-12 wpb_column vc_column_container\"><div class=\"vc_column-inner\"><div class=\"wpb_wrapper\"><div class=\"w-actionbox us_custom_25dabed5 color_primary controls_right\"><div class=\"w-actionbox-text\"><h2 class=\"w-actionbox-title\">Werde Teil unseres Teams<\/h2><\/div><div class=\"w-actionbox-controls\"><a class=\"w-btn us-btn-style_4\" title=\"Kontakt\" href=\"http:\/\/www.kulturgestalten.net\/index.php\/mitglied-werden\/\"><span class=\"w-btn-label\">Jetzt mitmachen<\/span><\/a><\/div><\/div><\/div><\/div><\/div><\/div><\/div><\/section><section class=\"l-section wpb_row us_custom_35ed8d73 height_medium\"><div class=\"l-section-overlay\" style=\"background:#ffffff\"><\/div><div class=\"l-section-h i-cf\"><div class=\"g-cols vc_row via_flex valign_middle type_default stacking_default\"><div class=\"vc_col-sm-1\/5 wpb_column vc_column_container\"><div class=\"vc_column-inner\"><div class=\"wpb_wrapper\"><div class=\"w-person layout_modern effect_bw\" itemscope itemtype=\"https:\/\/schema.org\/Person\"><div class=\"w-person-image\"><img loading=\"lazy\" decoding=\"async\" width=\"591\" height=\"591\" src=\"http:\/\/www.kulturgestalten.net\/wp-content\/uploads\/2019\/12\/manu.jpg\" class=\"attachment-full size-full\" alt=\"\" itemprop=\"image\" srcset=\"http:\/\/www.kulturgestalten.net\/wp-content\/uploads\/2019\/12\/manu.jpg 591w, http:\/\/www.kulturgestalten.net\/wp-content\/uploads\/2019\/12\/manu-217x217.jpg 217w\" sizes=\"auto, (max-width: 591px) 100vw, 591px\" \/><\/div><div class=\"w-person-content\"><h4 itemprop=\"name\" class=\"w-person-name\"><span>Manuela Weible<\/span><\/h4><div class=\"w-person-role\" itemprop=\"jobTitle\">Organisation, Finanzen<\/div><\/div><\/div><\/div><\/div><\/div><div class=\"vc_col-sm-1\/5 wpb_column vc_column_container\"><div class=\"vc_column-inner\"><div class=\"wpb_wrapper\"><div class=\"w-person layout_modern effect_bw\" itemscope itemtype=\"https:\/\/schema.org\/Person\"><div class=\"w-person-image\"><img loading=\"lazy\" decoding=\"async\" width=\"591\" height=\"591\" src=\"http:\/\/www.kulturgestalten.net\/wp-content\/uploads\/2026\/01\/tobi-2025-1.jpg\" class=\"attachment-full size-full\" alt=\"\" itemprop=\"image\" srcset=\"http:\/\/www.kulturgestalten.net\/wp-content\/uploads\/2026\/01\/tobi-2025-1.jpg 591w, http:\/\/www.kulturgestalten.net\/wp-content\/uploads\/2026\/01\/tobi-2025-1-217x217.jpg 217w, http:\/\/www.kulturgestalten.net\/wp-content\/uploads\/2026\/01\/tobi-2025-1-400x400.jpg 400w, http:\/\/www.kulturgestalten.net\/wp-content\/uploads\/2026\/01\/tobi-2025-1-200x200.jpg 200w, http:\/\/www.kulturgestalten.net\/wp-content\/uploads\/2026\/01\/tobi-2025-1-300x300.jpg 300w\" sizes=\"auto, (max-width: 591px) 100vw, 591px\" \/><\/div><div class=\"w-person-content\"><h4 itemprop=\"name\" class=\"w-person-name\"><span>Tobias Brunner<\/span><\/h4><div class=\"w-person-role\" itemprop=\"jobTitle\">Schauspiel<\/div><\/div><\/div><\/div><\/div><\/div><div class=\"vc_col-sm-1\/5 wpb_column vc_column_container\"><div class=\"vc_column-inner\"><div class=\"wpb_wrapper\"><div class=\"w-person layout_modern effect_bw\" itemscope itemtype=\"https:\/\/schema.org\/Person\"><div class=\"w-person-image\"><img loading=\"lazy\" decoding=\"async\" width=\"591\" height=\"591\" src=\"http:\/\/www.kulturgestalten.net\/wp-content\/uploads\/2019\/12\/linda.jpg\" class=\"attachment-full size-full\" alt=\"\" itemprop=\"image\" srcset=\"http:\/\/www.kulturgestalten.net\/wp-content\/uploads\/2019\/12\/linda.jpg 591w, http:\/\/www.kulturgestalten.net\/wp-content\/uploads\/2019\/12\/linda-217x217.jpg 217w\" sizes=\"auto, (max-width: 591px) 100vw, 591px\" \/><\/div><div class=\"w-person-content\"><h4 itemprop=\"name\" class=\"w-person-name\"><span>Linda Schmidt<\/span><\/h4><div class=\"w-person-role\" itemprop=\"jobTitle\">Schauspiel, Regieassistenz<\/div><\/div><\/div><\/div><\/div><\/div><div class=\"vc_col-sm-1\/5 wpb_column vc_column_container\"><div class=\"vc_column-inner\"><div class=\"wpb_wrapper\"><div class=\"w-person layout_modern effect_bw\" itemscope itemtype=\"https:\/\/schema.org\/Person\"><div class=\"w-person-image\"><img loading=\"lazy\" decoding=\"async\" width=\"591\" height=\"591\" src=\"http:\/\/www.kulturgestalten.net\/wp-content\/uploads\/2026\/01\/harry-2025-2.jpg\" class=\"attachment-full size-full\" alt=\"\" itemprop=\"image\" srcset=\"http:\/\/www.kulturgestalten.net\/wp-content\/uploads\/2026\/01\/harry-2025-2.jpg 591w, http:\/\/www.kulturgestalten.net\/wp-content\/uploads\/2026\/01\/harry-2025-2-217x217.jpg 217w, http:\/\/www.kulturgestalten.net\/wp-content\/uploads\/2026\/01\/harry-2025-2-400x400.jpg 400w, http:\/\/www.kulturgestalten.net\/wp-content\/uploads\/2026\/01\/harry-2025-2-200x200.jpg 200w, http:\/\/www.kulturgestalten.net\/wp-content\/uploads\/2026\/01\/harry-2025-2-300x300.jpg 300w\" sizes=\"auto, (max-width: 591px) 100vw, 591px\" \/><\/div><div class=\"w-person-content\"><h4 itemprop=\"name\" class=\"w-person-name\"><span>Hariolf Baumann<\/span><\/h4><div class=\"w-person-role\" itemprop=\"jobTitle\">Regie, Schauspiel<\/div><\/div><\/div><\/div><\/div><\/div><div class=\"vc_col-sm-1\/5 wpb_column vc_column_container\"><div class=\"vc_column-inner\"><div class=\"wpb_wrapper\"><div class=\"w-person layout_modern effect_bw\" itemscope itemtype=\"https:\/\/schema.org\/Person\"><div class=\"w-person-image\"><img loading=\"lazy\" decoding=\"async\" width=\"591\" height=\"591\" src=\"http:\/\/www.kulturgestalten.net\/wp-content\/uploads\/2026\/01\/astrid-2025-1.jpg\" class=\"attachment-full size-full\" alt=\"\" itemprop=\"image\" srcset=\"http:\/\/www.kulturgestalten.net\/wp-content\/uploads\/2026\/01\/astrid-2025-1.jpg 591w, http:\/\/www.kulturgestalten.net\/wp-content\/uploads\/2026\/01\/astrid-2025-1-217x217.jpg 217w, http:\/\/www.kulturgestalten.net\/wp-content\/uploads\/2026\/01\/astrid-2025-1-400x400.jpg 400w, http:\/\/www.kulturgestalten.net\/wp-content\/uploads\/2026\/01\/astrid-2025-1-200x200.jpg 200w, http:\/\/www.kulturgestalten.net\/wp-content\/uploads\/2026\/01\/astrid-2025-1-300x300.jpg 300w\" sizes=\"auto, (max-width: 591px) 100vw, 591px\" \/><\/div><div class=\"w-person-content\"><h4 itemprop=\"name\" class=\"w-person-name\"><span>Astrid Zwick-Lamprecht<\/span><\/h4><div class=\"w-person-role\" itemprop=\"jobTitle\">Schauspiel, Pressearbeit<\/div><\/div><\/div><\/div><\/div><\/div><\/div><\/div><\/section><section class=\"l-section wpb_row us_custom_35ed8d73 height_medium\"><div class=\"l-section-overlay\" style=\"background:#ffffff\"><\/div><div class=\"l-section-h i-cf\"><div class=\"g-cols vc_row via_flex valign_middle type_default stacking_default\"><div class=\"vc_col-sm-1\/5 wpb_column vc_column_container\"><div class=\"vc_column-inner\"><div class=\"wpb_wrapper\"><div class=\"w-person layout_modern effect_bw\" itemscope itemtype=\"https:\/\/schema.org\/Person\"><div class=\"w-person-image\"><img loading=\"lazy\" decoding=\"async\" width=\"591\" height=\"591\" src=\"http:\/\/www.kulturgestalten.net\/wp-content\/uploads\/2019\/12\/moni.jpg\" class=\"attachment-full size-full\" alt=\"\" itemprop=\"image\" srcset=\"http:\/\/www.kulturgestalten.net\/wp-content\/uploads\/2019\/12\/moni.jpg 591w, http:\/\/www.kulturgestalten.net\/wp-content\/uploads\/2019\/12\/moni-217x217.jpg 217w\" sizes=\"auto, (max-width: 591px) 100vw, 591px\" \/><\/div><div class=\"w-person-content\"><h4 itemprop=\"name\" class=\"w-person-name\"><span>Monika Kurz<\/span><\/h4><div class=\"w-person-role\" itemprop=\"jobTitle\">Requisiten<\/div><\/div><\/div><\/div><\/div><\/div><div class=\"vc_col-sm-1\/5 wpb_column vc_column_container\"><div class=\"vc_column-inner\"><div class=\"wpb_wrapper\"><div class=\"w-person layout_modern effect_bw\" itemscope itemtype=\"https:\/\/schema.org\/Person\"><div class=\"w-person-image\"><img loading=\"lazy\" decoding=\"async\" width=\"591\" height=\"591\" src=\"http:\/\/www.kulturgestalten.net\/wp-content\/uploads\/2019\/12\/nik.jpg\" class=\"attachment-full size-full\" alt=\"\" itemprop=\"image\" srcset=\"http:\/\/www.kulturgestalten.net\/wp-content\/uploads\/2019\/12\/nik.jpg 591w, http:\/\/www.kulturgestalten.net\/wp-content\/uploads\/2019\/12\/nik-217x217.jpg 217w\" sizes=\"auto, (max-width: 591px) 100vw, 591px\" \/><\/div><div class=\"w-person-content\"><h4 itemprop=\"name\" class=\"w-person-name\"><span>Nikolaus Kurz<\/span><\/h4><div class=\"w-person-role\" itemprop=\"jobTitle\">Regie, B\u00fchnenbau<\/div><\/div><\/div><\/div><\/div><\/div><div class=\"vc_col-sm-1\/5 wpb_column vc_column_container\"><div class=\"vc_column-inner\"><div class=\"wpb_wrapper\"><div class=\"w-person layout_modern effect_bw\" itemscope itemtype=\"https:\/\/schema.org\/Person\"><div class=\"w-person-image\"><img loading=\"lazy\" decoding=\"async\" width=\"591\" height=\"591\" src=\"http:\/\/www.kulturgestalten.net\/wp-content\/uploads\/2024\/12\/Tomsge2024.jpg\" class=\"attachment-full size-full\" alt=\"\" itemprop=\"image\" srcset=\"http:\/\/www.kulturgestalten.net\/wp-content\/uploads\/2024\/12\/Tomsge2024.jpg 591w, http:\/\/www.kulturgestalten.net\/wp-content\/uploads\/2024\/12\/Tomsge2024-217x217.jpg 217w, http:\/\/www.kulturgestalten.net\/wp-content\/uploads\/2024\/12\/Tomsge2024-400x400.jpg 400w, http:\/\/www.kulturgestalten.net\/wp-content\/uploads\/2024\/12\/Tomsge2024-200x200.jpg 200w, http:\/\/www.kulturgestalten.net\/wp-content\/uploads\/2024\/12\/Tomsge2024-300x300.jpg 300w\" sizes=\"auto, (max-width: 591px) 100vw, 591px\" \/><\/div><div class=\"w-person-content\"><h4 itemprop=\"name\" class=\"w-person-name\"><span>Thomas K\u00f6der<\/span><\/h4><div class=\"w-person-role\" itemprop=\"jobTitle\">Schauspiel<\/div><\/div><\/div><\/div><\/div><\/div><div class=\"vc_col-sm-1\/5 wpb_column vc_column_container\"><div class=\"vc_column-inner\"><div class=\"wpb_wrapper\"><div class=\"w-person layout_modern effect_bw\" itemscope itemtype=\"https:\/\/schema.org\/Person\"><div class=\"w-person-image\"><img loading=\"lazy\" decoding=\"async\" width=\"591\" height=\"591\" src=\"http:\/\/www.kulturgestalten.net\/wp-content\/uploads\/2024\/12\/Andi2024.jpg\" class=\"attachment-full size-full\" alt=\"\" itemprop=\"image\" srcset=\"http:\/\/www.kulturgestalten.net\/wp-content\/uploads\/2024\/12\/Andi2024.jpg 591w, http:\/\/www.kulturgestalten.net\/wp-content\/uploads\/2024\/12\/Andi2024-217x217.jpg 217w, http:\/\/www.kulturgestalten.net\/wp-content\/uploads\/2024\/12\/Andi2024-400x400.jpg 400w, http:\/\/www.kulturgestalten.net\/wp-content\/uploads\/2024\/12\/Andi2024-200x200.jpg 200w, http:\/\/www.kulturgestalten.net\/wp-content\/uploads\/2024\/12\/Andi2024-300x300.jpg 300w\" sizes=\"auto, (max-width: 591px) 100vw, 591px\" \/><\/div><div class=\"w-person-content\"><h4 itemprop=\"name\" class=\"w-person-name\"><span>Andreas Schneider<\/span><\/h4><div class=\"w-person-role\" itemprop=\"jobTitle\">Schauspiel, Organisation<\/div><\/div><\/div><\/div><\/div><\/div><div class=\"vc_col-sm-1\/5 wpb_column vc_column_container\"><div class=\"vc_column-inner\"><div class=\"wpb_wrapper\"><div class=\"w-person layout_modern effect_bw\" itemscope itemtype=\"https:\/\/schema.org\/Person\"><div class=\"w-person-image\"><img loading=\"lazy\" decoding=\"async\" width=\"591\" height=\"591\" src=\"http:\/\/www.kulturgestalten.net\/wp-content\/uploads\/2019\/12\/karina.jpg\" class=\"attachment-full size-full\" alt=\"\" itemprop=\"image\" srcset=\"http:\/\/www.kulturgestalten.net\/wp-content\/uploads\/2019\/12\/karina.jpg 591w, http:\/\/www.kulturgestalten.net\/wp-content\/uploads\/2019\/12\/karina-217x217.jpg 217w\" sizes=\"auto, (max-width: 591px) 100vw, 591px\" \/><\/div><div class=\"w-person-content\"><h4 itemprop=\"name\" class=\"w-person-name\"><span>Karina Baumann<\/span><\/h4><div class=\"w-person-role\" itemprop=\"jobTitle\">Kost\u00fcme, Regieassistenz<\/div><\/div><\/div><\/div><\/div><\/div><\/div><\/div><\/section><section class=\"l-section wpb_row us_custom_35ed8d73 height_medium\"><div class=\"l-section-overlay\" style=\"background:#ffffff\"><\/div><div class=\"l-section-h i-cf\"><div class=\"g-cols vc_row via_flex valign_middle type_default stacking_default\"><div class=\"vc_col-sm-1\/5 wpb_column vc_column_container\"><div class=\"vc_column-inner\"><div class=\"wpb_wrapper\"><div class=\"w-person layout_modern effect_bw\" itemscope itemtype=\"https:\/\/schema.org\/Person\"><div class=\"w-person-image\"><img loading=\"lazy\" decoding=\"async\" width=\"591\" height=\"591\" src=\"http:\/\/www.kulturgestalten.net\/wp-content\/uploads\/2019\/12\/hubi.jpg\" class=\"attachment-full size-full\" alt=\"\" itemprop=\"image\" srcset=\"http:\/\/www.kulturgestalten.net\/wp-content\/uploads\/2019\/12\/hubi.jpg 591w, http:\/\/www.kulturgestalten.net\/wp-content\/uploads\/2019\/12\/hubi-217x217.jpg 217w\" sizes=\"auto, (max-width: 591px) 100vw, 591px\" \/><\/div><div class=\"w-person-content\"><h4 itemprop=\"name\" class=\"w-person-name\"><span>Hubert Rettenmeier<\/span><\/h4><div class=\"w-person-role\" itemprop=\"jobTitle\">Souffleur<\/div><\/div><\/div><\/div><\/div><\/div><div class=\"vc_col-sm-1\/5 wpb_column vc_column_container\"><div class=\"vc_column-inner\"><div class=\"wpb_wrapper\"><div class=\"w-person layout_modern effect_bw\" itemscope itemtype=\"https:\/\/schema.org\/Person\"><div class=\"w-person-image\"><img loading=\"lazy\" decoding=\"async\" width=\"591\" height=\"591\" src=\"http:\/\/www.kulturgestalten.net\/wp-content\/uploads\/2020\/09\/luisa.jpg\" class=\"attachment-full size-full\" alt=\"\" itemprop=\"image\" srcset=\"http:\/\/www.kulturgestalten.net\/wp-content\/uploads\/2020\/09\/luisa.jpg 591w, http:\/\/www.kulturgestalten.net\/wp-content\/uploads\/2020\/09\/luisa-217x217.jpg 217w, http:\/\/www.kulturgestalten.net\/wp-content\/uploads\/2020\/09\/luisa-200x200.jpg 200w, http:\/\/www.kulturgestalten.net\/wp-content\/uploads\/2020\/09\/luisa-300x300.jpg 300w, http:\/\/www.kulturgestalten.net\/wp-content\/uploads\/2020\/09\/luisa-400x400.jpg 400w\" sizes=\"auto, (max-width: 591px) 100vw, 591px\" \/><\/div><div class=\"w-person-content\"><h4 itemprop=\"name\" class=\"w-person-name\"><span>Luisa Haun<\/span><\/h4><div class=\"w-person-role\" itemprop=\"jobTitle\">Schauspiel<\/div><\/div><\/div><\/div><\/div><\/div><div class=\"vc_col-sm-1\/5 wpb_column vc_column_container\"><div class=\"vc_column-inner\"><div class=\"wpb_wrapper\"><div class=\"w-person layout_modern effect_bw\" itemscope itemtype=\"https:\/\/schema.org\/Person\"><div class=\"w-person-image\"><img loading=\"lazy\" decoding=\"async\" width=\"591\" height=\"591\" src=\"http:\/\/www.kulturgestalten.net\/wp-content\/uploads\/2022\/12\/vanessa-2022-2.jpg\" class=\"attachment-full size-full\" alt=\"\" itemprop=\"image\" srcset=\"http:\/\/www.kulturgestalten.net\/wp-content\/uploads\/2022\/12\/vanessa-2022-2.jpg 591w, http:\/\/www.kulturgestalten.net\/wp-content\/uploads\/2022\/12\/vanessa-2022-2-217x217.jpg 217w, http:\/\/www.kulturgestalten.net\/wp-content\/uploads\/2022\/12\/vanessa-2022-2-400x400.jpg 400w, http:\/\/www.kulturgestalten.net\/wp-content\/uploads\/2022\/12\/vanessa-2022-2-200x200.jpg 200w, http:\/\/www.kulturgestalten.net\/wp-content\/uploads\/2022\/12\/vanessa-2022-2-300x300.jpg 300w\" sizes=\"auto, (max-width: 591px) 100vw, 591px\" \/><\/div><div class=\"w-person-content\"><h4 itemprop=\"name\" class=\"w-person-name\"><span>Vanessa Schindler<\/span><\/h4><div class=\"w-person-role\" itemprop=\"jobTitle\">Schauspiel<\/div><\/div><\/div><\/div><\/div><\/div><div class=\"vc_col-sm-1\/5 wpb_column vc_column_container\"><div class=\"vc_column-inner\"><div class=\"wpb_wrapper\"><div class=\"w-person layout_modern effect_bw\" itemscope itemtype=\"https:\/\/schema.org\/Person\"><div class=\"w-person-image\"><img loading=\"lazy\" decoding=\"async\" width=\"591\" height=\"591\" src=\"http:\/\/www.kulturgestalten.net\/wp-content\/uploads\/2019\/12\/jakob.jpg\" class=\"attachment-full size-full\" alt=\"\" itemprop=\"image\" srcset=\"http:\/\/www.kulturgestalten.net\/wp-content\/uploads\/2019\/12\/jakob.jpg 591w, http:\/\/www.kulturgestalten.net\/wp-content\/uploads\/2019\/12\/jakob-217x217.jpg 217w\" sizes=\"auto, (max-width: 591px) 100vw, 591px\" \/><\/div><div class=\"w-person-content\"><h4 itemprop=\"name\" class=\"w-person-name\"><span>Jakob Backers<\/span><\/h4><div class=\"w-person-role\" itemprop=\"jobTitle\">Schauspiel<\/div><\/div><\/div><\/div><\/div><\/div><div class=\"vc_col-sm-1\/5 wpb_column vc_column_container\"><div class=\"vc_column-inner\"><div class=\"wpb_wrapper\"><div class=\"w-person layout_modern effect_bw\" itemscope itemtype=\"https:\/\/schema.org\/Person\"><div class=\"w-person-image\"><img loading=\"lazy\" decoding=\"async\" width=\"591\" height=\"591\" src=\"http:\/\/www.kulturgestalten.net\/wp-content\/uploads\/2019\/12\/buddy.jpg\" class=\"attachment-full size-full\" alt=\"\" itemprop=\"image\" srcset=\"http:\/\/www.kulturgestalten.net\/wp-content\/uploads\/2019\/12\/buddy.jpg 591w, http:\/\/www.kulturgestalten.net\/wp-content\/uploads\/2019\/12\/buddy-217x217.jpg 217w\" sizes=\"auto, (max-width: 591px) 100vw, 591px\" \/><\/div><div class=\"w-person-content\"><h4 itemprop=\"name\" class=\"w-person-name\"><span>Tobias Schiele<\/span><\/h4><div class=\"w-person-role\" itemprop=\"jobTitle\">Musik, Licht und Tontechnik<\/div><\/div><\/div><\/div><\/div><\/div><\/div><\/div><\/section><section class=\"l-section wpb_row us_custom_35ed8d73 height_medium\"><div class=\"l-section-overlay\" style=\"background:#ffffff\"><\/div><div class=\"l-section-h i-cf\"><div class=\"g-cols vc_row via_flex valign_middle type_default stacking_default\"><div class=\"vc_col-sm-1\/5 wpb_column vc_column_container\"><div class=\"vc_column-inner\"><div class=\"wpb_wrapper\"><div class=\"w-person layout_modern effect_bw\" itemscope itemtype=\"https:\/\/schema.org\/Person\"><div class=\"w-person-image\"><img loading=\"lazy\" decoding=\"async\" width=\"591\" height=\"591\" src=\"http:\/\/www.kulturgestalten.net\/wp-content\/uploads\/2019\/12\/lasse.jpg\" class=\"attachment-full size-full\" alt=\"\" itemprop=\"image\" srcset=\"http:\/\/www.kulturgestalten.net\/wp-content\/uploads\/2019\/12\/lasse.jpg 591w, http:\/\/www.kulturgestalten.net\/wp-content\/uploads\/2019\/12\/lasse-217x217.jpg 217w\" sizes=\"auto, (max-width: 591px) 100vw, 591px\" \/><\/div><div class=\"w-person-content\"><h4 itemprop=\"name\" class=\"w-person-name\"><span>Lasse Bilek<\/span><\/h4><div class=\"w-person-role\" itemprop=\"jobTitle\">Schauspiel, B\u00fchnenbau<\/div><\/div><\/div><\/div><\/div><\/div><div class=\"vc_col-sm-1\/5 wpb_column vc_column_container\"><div class=\"vc_column-inner\"><div class=\"wpb_wrapper\"><div class=\"w-person layout_modern effect_bw\" itemscope itemtype=\"https:\/\/schema.org\/Person\"><div class=\"w-person-image\"><img loading=\"lazy\" decoding=\"async\" width=\"591\" height=\"591\" src=\"http:\/\/www.kulturgestalten.net\/wp-content\/uploads\/2019\/12\/jana.jpg\" class=\"attachment-full size-full\" alt=\"\" itemprop=\"image\" srcset=\"http:\/\/www.kulturgestalten.net\/wp-content\/uploads\/2019\/12\/jana.jpg 591w, http:\/\/www.kulturgestalten.net\/wp-content\/uploads\/2019\/12\/jana-217x217.jpg 217w\" sizes=\"auto, (max-width: 591px) 100vw, 591px\" \/><\/div><div class=\"w-person-content\"><h4 itemprop=\"name\" class=\"w-person-name\"><span>Jana Schlosser<\/span><\/h4><div class=\"w-person-role\" itemprop=\"jobTitle\">Schauspiel<\/div><\/div><\/div><\/div><\/div><\/div><div class=\"vc_col-sm-1\/5 wpb_column vc_column_container\"><div class=\"vc_column-inner\"><div class=\"wpb_wrapper\"><div class=\"w-person layout_modern effect_bw\" itemscope itemtype=\"https:\/\/schema.org\/Person\"><div class=\"w-person-image\"><img loading=\"lazy\" decoding=\"async\" width=\"591\" height=\"591\" src=\"http:\/\/www.kulturgestalten.net\/wp-content\/uploads\/2022\/12\/franzib-2022.jpg\" class=\"attachment-full size-full\" alt=\"\" itemprop=\"image\" srcset=\"http:\/\/www.kulturgestalten.net\/wp-content\/uploads\/2022\/12\/franzib-2022.jpg 591w, http:\/\/www.kulturgestalten.net\/wp-content\/uploads\/2022\/12\/franzib-2022-217x217.jpg 217w, http:\/\/www.kulturgestalten.net\/wp-content\/uploads\/2022\/12\/franzib-2022-400x400.jpg 400w, http:\/\/www.kulturgestalten.net\/wp-content\/uploads\/2022\/12\/franzib-2022-200x200.jpg 200w, http:\/\/www.kulturgestalten.net\/wp-content\/uploads\/2022\/12\/franzib-2022-300x300.jpg 300w\" sizes=\"auto, (max-width: 591px) 100vw, 591px\" \/><\/div><div class=\"w-person-content\"><h4 itemprop=\"name\" class=\"w-person-name\"><span>Franziska Bilek<\/span><\/h4><div class=\"w-person-role\" itemprop=\"jobTitle\">Schauspiel, Regieassistenz<\/div><\/div><\/div><\/div><\/div><\/div><div class=\"vc_col-sm-1\/5 wpb_column vc_column_container\"><div class=\"vc_column-inner\"><div class=\"wpb_wrapper\"><div class=\"w-person layout_modern effect_bw\" itemscope itemtype=\"https:\/\/schema.org\/Person\"><div class=\"w-person-image\"><img loading=\"lazy\" decoding=\"async\" width=\"591\" height=\"591\" src=\"http:\/\/www.kulturgestalten.net\/wp-content\/uploads\/2025\/12\/silvana.jpg\" class=\"attachment-full size-full\" alt=\"\" itemprop=\"image\" srcset=\"http:\/\/www.kulturgestalten.net\/wp-content\/uploads\/2025\/12\/silvana.jpg 591w, http:\/\/www.kulturgestalten.net\/wp-content\/uploads\/2025\/12\/silvana-217x217.jpg 217w, http:\/\/www.kulturgestalten.net\/wp-content\/uploads\/2025\/12\/silvana-400x400.jpg 400w, http:\/\/www.kulturgestalten.net\/wp-content\/uploads\/2025\/12\/silvana-200x200.jpg 200w, http:\/\/www.kulturgestalten.net\/wp-content\/uploads\/2025\/12\/silvana-300x300.jpg 300w\" sizes=\"auto, (max-width: 591px) 100vw, 591px\" \/><\/div><div class=\"w-person-content\"><h4 itemprop=\"name\" class=\"w-person-name\"><span>Silvana Schenk<\/span><\/h4><div class=\"w-person-role\" itemprop=\"jobTitle\">Maske, Schauspiel<\/div><\/div><\/div><\/div><\/div><\/div><div class=\"vc_col-sm-1\/5 wpb_column vc_column_container\"><div class=\"vc_column-inner\"><div class=\"wpb_wrapper\"><div class=\"w-person layout_modern effect_bw\" itemscope itemtype=\"https:\/\/schema.org\/Person\"><div class=\"w-person-image\"><img loading=\"lazy\" decoding=\"async\" width=\"591\" height=\"591\" src=\"http:\/\/www.kulturgestalten.net\/wp-content\/uploads\/2019\/12\/marion.jpg\" class=\"attachment-full size-full\" alt=\"\" itemprop=\"image\" srcset=\"http:\/\/www.kulturgestalten.net\/wp-content\/uploads\/2019\/12\/marion.jpg 591w, http:\/\/www.kulturgestalten.net\/wp-content\/uploads\/2019\/12\/marion-217x217.jpg 217w\" sizes=\"auto, (max-width: 591px) 100vw, 591px\" \/><\/div><div class=\"w-person-content\"><h4 itemprop=\"name\" class=\"w-person-name\"><span>Marion Welk<\/span><\/h4><div class=\"w-person-role\" itemprop=\"jobTitle\">Maske<\/div><\/div><\/div><\/div><\/div><\/div><\/div><\/div><\/section><section class=\"l-section wpb_row height_medium\"><div class=\"l-section-h i-cf\"><div class=\"g-cols vc_row via_flex valign_middle type_default stacking_default\"><div class=\"vc_col-sm-1\/5 wpb_column vc_column_container\"><div class=\"vc_column-inner\"><div class=\"wpb_wrapper\"><div class=\"w-person layout_modern effect_bw\" itemscope itemtype=\"https:\/\/schema.org\/Person\"><div class=\"w-person-image\"><img loading=\"lazy\" decoding=\"async\" width=\"2560\" height=\"2560\" src=\"http:\/\/www.kulturgestalten.net\/wp-content\/uploads\/2019\/12\/daniela-scaled.jpg\" class=\"attachment-full size-full\" alt=\"\" itemprop=\"image\" srcset=\"http:\/\/www.kulturgestalten.net\/wp-content\/uploads\/2019\/12\/daniela-scaled.jpg 2560w, http:\/\/www.kulturgestalten.net\/wp-content\/uploads\/2019\/12\/daniela-217x217.jpg 217w, http:\/\/www.kulturgestalten.net\/wp-content\/uploads\/2019\/12\/daniela-600x600.jpg 600w, http:\/\/www.kulturgestalten.net\/wp-content\/uploads\/2019\/12\/daniela-400x400.jpg 400w, http:\/\/www.kulturgestalten.net\/wp-content\/uploads\/2019\/12\/daniela-200x200.jpg 200w, http:\/\/www.kulturgestalten.net\/wp-content\/uploads\/2019\/12\/daniela-300x300.jpg 300w\" sizes=\"auto, (max-width: 2560px) 100vw, 2560px\" \/><\/div><div class=\"w-person-content\"><h4 itemprop=\"name\" class=\"w-person-name\"><span>Daniela Wagner<\/span><\/h4><div class=\"w-person-role\" itemprop=\"jobTitle\">Maske<\/div><\/div><\/div><\/div><\/div><\/div><div class=\"vc_col-sm-1\/5 wpb_column vc_column_container\"><div class=\"vc_column-inner\"><div class=\"wpb_wrapper\"><div class=\"w-person layout_modern effect_bw\" itemscope itemtype=\"https:\/\/schema.org\/Person\"><div class=\"w-person-image\"><img loading=\"lazy\" decoding=\"async\" width=\"591\" height=\"591\" src=\"http:\/\/www.kulturgestalten.net\/wp-content\/uploads\/2019\/12\/wolfgang.jpg\" class=\"attachment-full size-full\" alt=\"\" itemprop=\"image\" srcset=\"http:\/\/www.kulturgestalten.net\/wp-content\/uploads\/2019\/12\/wolfgang.jpg 591w, http:\/\/www.kulturgestalten.net\/wp-content\/uploads\/2019\/12\/wolfgang-217x217.jpg 217w\" sizes=\"auto, (max-width: 591px) 100vw, 591px\" \/><\/div><div class=\"w-person-content\"><h4 itemprop=\"name\" class=\"w-person-name\"><span>Wolfgang Schneider<\/span><\/h4><div class=\"w-person-role\" itemprop=\"jobTitle\">Schauspiel<\/div><\/div><\/div><\/div><\/div><\/div><div class=\"vc_col-sm-1\/5 wpb_column vc_column_container\"><div class=\"vc_column-inner\"><div class=\"wpb_wrapper\"><div class=\"w-person layout_modern effect_bw\" itemscope itemtype=\"https:\/\/schema.org\/Person\"><div class=\"w-person-image\"><img loading=\"lazy\" decoding=\"async\" width=\"591\" height=\"591\" src=\"http:\/\/www.kulturgestalten.net\/wp-content\/uploads\/2019\/12\/carolin.jpg\" class=\"attachment-full size-full\" alt=\"\" itemprop=\"image\" srcset=\"http:\/\/www.kulturgestalten.net\/wp-content\/uploads\/2019\/12\/carolin.jpg 591w, http:\/\/www.kulturgestalten.net\/wp-content\/uploads\/2019\/12\/carolin-217x217.jpg 217w\" sizes=\"auto, (max-width: 591px) 100vw, 591px\" \/><\/div><div class=\"w-person-content\"><h4 itemprop=\"name\" class=\"w-person-name\"><span>Carolin Bundschuh<\/span><\/h4><div class=\"w-person-role\" itemprop=\"jobTitle\">Schauspiel<\/div><\/div><\/div><\/div><\/div><\/div><div class=\"vc_col-sm-1\/5 wpb_column vc_column_container\"><div class=\"vc_column-inner\"><div class=\"wpb_wrapper\"><div class=\"w-person layout_modern effect_bw\" itemscope itemtype=\"https:\/\/schema.org\/Person\"><div class=\"w-person-image\"><img loading=\"lazy\" decoding=\"async\" width=\"591\" height=\"591\" src=\"http:\/\/www.kulturgestalten.net\/wp-content\/uploads\/2024\/12\/Martina2024.jpg\" class=\"attachment-full size-full\" alt=\"\" itemprop=\"image\" srcset=\"http:\/\/www.kulturgestalten.net\/wp-content\/uploads\/2024\/12\/Martina2024.jpg 591w, http:\/\/www.kulturgestalten.net\/wp-content\/uploads\/2024\/12\/Martina2024-217x217.jpg 217w, http:\/\/www.kulturgestalten.net\/wp-content\/uploads\/2024\/12\/Martina2024-400x400.jpg 400w, http:\/\/www.kulturgestalten.net\/wp-content\/uploads\/2024\/12\/Martina2024-200x200.jpg 200w, http:\/\/www.kulturgestalten.net\/wp-content\/uploads\/2024\/12\/Martina2024-300x300.jpg 300w\" sizes=\"auto, (max-width: 591px) 100vw, 591px\" \/><\/div><div class=\"w-person-content\"><h4 itemprop=\"name\" class=\"w-person-name\"><span>Martina Linder<\/span><\/h4><div class=\"w-person-role\" itemprop=\"jobTitle\">Schauspiel<\/div><\/div><\/div><\/div><\/div><\/div><div class=\"vc_col-sm-1\/5 wpb_column vc_column_container\"><div class=\"vc_column-inner\"><div class=\"wpb_wrapper\"><div class=\"w-person layout_modern effect_bw\" itemscope itemtype=\"https:\/\/schema.org\/Person\"><div class=\"w-person-image\"><img loading=\"lazy\" decoding=\"async\" width=\"591\" height=\"591\" src=\"http:\/\/www.kulturgestalten.net\/wp-content\/uploads\/2019\/12\/paul.jpg\" class=\"attachment-full size-full\" alt=\"\" itemprop=\"image\" srcset=\"http:\/\/www.kulturgestalten.net\/wp-content\/uploads\/2019\/12\/paul.jpg 591w, http:\/\/www.kulturgestalten.net\/wp-content\/uploads\/2019\/12\/paul-217x217.jpg 217w\" sizes=\"auto, (max-width: 591px) 100vw, 591px\" \/><\/div><div class=\"w-person-content\"><h4 itemprop=\"name\" class=\"w-person-name\"><span>Paul Schmitt-Rechlin<\/span><\/h4><div class=\"w-person-role\" itemprop=\"jobTitle\">Schauspiel, B\u00fchnenbau<\/div><\/div><\/div><\/div><\/div><\/div><\/div><\/div><\/section><section class=\"l-section wpb_row height_medium\"><div class=\"l-section-h i-cf\"><div class=\"g-cols vc_row via_flex valign_middle type_default stacking_default\"><div class=\"vc_col-sm-1\/5 wpb_column vc_column_container\"><div class=\"vc_column-inner\"><div class=\"wpb_wrapper\"><div class=\"w-person layout_modern effect_bw\" itemscope itemtype=\"https:\/\/schema.org\/Person\"><div class=\"w-person-image\"><img loading=\"lazy\" decoding=\"async\" width=\"591\" height=\"591\" src=\"http:\/\/www.kulturgestalten.net\/wp-content\/uploads\/2020\/10\/leni.jpg\" class=\"attachment-full size-full\" alt=\"\" itemprop=\"image\" srcset=\"http:\/\/www.kulturgestalten.net\/wp-content\/uploads\/2020\/10\/leni.jpg 591w, http:\/\/www.kulturgestalten.net\/wp-content\/uploads\/2020\/10\/leni-217x217.jpg 217w, http:\/\/www.kulturgestalten.net\/wp-content\/uploads\/2020\/10\/leni-400x400.jpg 400w, http:\/\/www.kulturgestalten.net\/wp-content\/uploads\/2020\/10\/leni-200x200.jpg 200w, http:\/\/www.kulturgestalten.net\/wp-content\/uploads\/2020\/10\/leni-300x300.jpg 300w\" sizes=\"auto, (max-width: 591px) 100vw, 591px\" \/><\/div><div class=\"w-person-content\"><h4 itemprop=\"name\" class=\"w-person-name\"><span>Leni Rettenmeier<\/span><\/h4><div class=\"w-person-role\" itemprop=\"jobTitle\">Schauspiel<\/div><\/div><\/div><\/div><\/div><\/div><div class=\"vc_col-sm-1\/5 wpb_column vc_column_container\"><div class=\"vc_column-inner\"><div class=\"wpb_wrapper\"><div class=\"w-person layout_modern effect_bw\" itemscope itemtype=\"https:\/\/schema.org\/Person\"><div class=\"w-person-image\"><img loading=\"lazy\" decoding=\"async\" width=\"591\" height=\"591\" src=\"http:\/\/www.kulturgestalten.net\/wp-content\/uploads\/2019\/12\/katja.jpg\" class=\"attachment-full size-full\" alt=\"\" itemprop=\"image\" srcset=\"http:\/\/www.kulturgestalten.net\/wp-content\/uploads\/2019\/12\/katja.jpg 591w, http:\/\/www.kulturgestalten.net\/wp-content\/uploads\/2019\/12\/katja-217x217.jpg 217w\" sizes=\"auto, (max-width: 591px) 100vw, 591px\" \/><\/div><div class=\"w-person-content\"><h4 itemprop=\"name\" class=\"w-person-name\"><span>Katja Schenk<\/span><\/h4><div class=\"w-person-role\" itemprop=\"jobTitle\">Schauspiel<\/div><\/div><\/div><\/div><\/div><\/div><div class=\"vc_col-sm-1\/5 wpb_column vc_column_container\"><div class=\"vc_column-inner\"><div class=\"wpb_wrapper\"><div class=\"w-person layout_modern effect_bw\" itemscope itemtype=\"https:\/\/schema.org\/Person\"><div class=\"w-person-image\"><img loading=\"lazy\" decoding=\"async\" width=\"591\" height=\"591\" src=\"http:\/\/www.kulturgestalten.net\/wp-content\/uploads\/2019\/12\/andy.jpg\" class=\"attachment-full size-full\" alt=\"\" itemprop=\"image\" srcset=\"http:\/\/www.kulturgestalten.net\/wp-content\/uploads\/2019\/12\/andy.jpg 591w, http:\/\/www.kulturgestalten.net\/wp-content\/uploads\/2019\/12\/andy-217x217.jpg 217w\" sizes=\"auto, (max-width: 591px) 100vw, 591px\" \/><\/div><div class=\"w-person-content\"><h4 itemprop=\"name\" class=\"w-person-name\"><span>Andreas Hirsch<\/span><\/h4><div class=\"w-person-role\" itemprop=\"jobTitle\">Licht und Tontechnik<\/div><\/div><\/div><\/div><\/div><\/div><div class=\"vc_col-sm-1\/5 wpb_column vc_column_container\"><div class=\"vc_column-inner\"><div class=\"wpb_wrapper\"><div class=\"w-person layout_modern effect_bw\" itemscope itemtype=\"https:\/\/schema.org\/Person\"><div class=\"w-person-image\"><img loading=\"lazy\" decoding=\"async\" width=\"591\" height=\"591\" src=\"http:\/\/www.kulturgestalten.net\/wp-content\/uploads\/2019\/12\/luis.jpg\" class=\"attachment-full size-full\" alt=\"\" itemprop=\"image\" srcset=\"http:\/\/www.kulturgestalten.net\/wp-content\/uploads\/2019\/12\/luis.jpg 591w, http:\/\/www.kulturgestalten.net\/wp-content\/uploads\/2019\/12\/luis-217x217.jpg 217w\" sizes=\"auto, (max-width: 591px) 100vw, 591px\" \/><\/div><div class=\"w-person-content\"><h4 itemprop=\"name\" class=\"w-person-name\"><span>Luis Schenk<\/span><\/h4><div class=\"w-person-role\" itemprop=\"jobTitle\">Schauspiel<\/div><\/div><\/div><\/div><\/div><\/div><div class=\"vc_col-sm-1\/5 wpb_column vc_column_container\"><div class=\"vc_column-inner\"><div class=\"wpb_wrapper\"><div class=\"w-person layout_modern effect_bw\" itemscope itemtype=\"https:\/\/schema.org\/Person\"><div class=\"w-person-image\"><img loading=\"lazy\" decoding=\"async\" width=\"591\" height=\"591\" src=\"http:\/\/www.kulturgestalten.net\/wp-content\/uploads\/2019\/12\/alena.jpg\" class=\"attachment-full size-full\" alt=\"\" itemprop=\"image\" srcset=\"http:\/\/www.kulturgestalten.net\/wp-content\/uploads\/2019\/12\/alena.jpg 591w, http:\/\/www.kulturgestalten.net\/wp-content\/uploads\/2019\/12\/alena-217x217.jpg 217w\" sizes=\"auto, (max-width: 591px) 100vw, 591px\" \/><\/div><div class=\"w-person-content\"><h4 itemprop=\"name\" class=\"w-person-name\"><span>Alena Hald<\/span><\/h4><div class=\"w-person-role\" itemprop=\"jobTitle\">Maske<\/div><\/div><\/div><\/div><\/div><\/div><\/div><\/div><\/section><section class=\"l-section wpb_row height_medium\"><div class=\"l-section-h i-cf\"><div class=\"g-cols vc_row via_flex valign_middle type_default stacking_default\"><div class=\"vc_col-sm-1\/5 wpb_column vc_column_container\"><div class=\"vc_column-inner\"><div class=\"wpb_wrapper\"><div class=\"w-person layout_modern effect_bw\" itemscope itemtype=\"https:\/\/schema.org\/Person\"><div class=\"w-person-image\"><img loading=\"lazy\" decoding=\"async\" width=\"591\" height=\"591\" src=\"http:\/\/www.kulturgestalten.net\/wp-content\/uploads\/2026\/01\/mona-2025-1.jpg\" class=\"attachment-full size-full\" alt=\"\" itemprop=\"image\" srcset=\"http:\/\/www.kulturgestalten.net\/wp-content\/uploads\/2026\/01\/mona-2025-1.jpg 591w, http:\/\/www.kulturgestalten.net\/wp-content\/uploads\/2026\/01\/mona-2025-1-217x217.jpg 217w, http:\/\/www.kulturgestalten.net\/wp-content\/uploads\/2026\/01\/mona-2025-1-400x400.jpg 400w, http:\/\/www.kulturgestalten.net\/wp-content\/uploads\/2026\/01\/mona-2025-1-200x200.jpg 200w, http:\/\/www.kulturgestalten.net\/wp-content\/uploads\/2026\/01\/mona-2025-1-300x300.jpg 300w\" sizes=\"auto, (max-width: 591px) 100vw, 591px\" \/><\/div><div class=\"w-person-content\"><h4 itemprop=\"name\" class=\"w-person-name\"><span>Ramona Hahn<\/span><\/h4><div class=\"w-person-role\" itemprop=\"jobTitle\">Schauspiel<\/div><\/div><\/div><\/div><\/div><\/div><div class=\"vc_col-sm-1\/5 wpb_column vc_column_container\"><div class=\"vc_column-inner\"><div class=\"wpb_wrapper\"><div class=\"w-person layout_modern effect_bw\" itemscope itemtype=\"https:\/\/schema.org\/Person\"><div class=\"w-person-image\"><img loading=\"lazy\" decoding=\"async\" width=\"591\" height=\"591\" src=\"http:\/\/www.kulturgestalten.net\/wp-content\/uploads\/2019\/12\/kerstin.jpg\" class=\"attachment-full size-full\" alt=\"\" itemprop=\"image\" srcset=\"http:\/\/www.kulturgestalten.net\/wp-content\/uploads\/2019\/12\/kerstin.jpg 591w, http:\/\/www.kulturgestalten.net\/wp-content\/uploads\/2019\/12\/kerstin-217x217.jpg 217w\" sizes=\"auto, (max-width: 591px) 100vw, 591px\" \/><\/div><div class=\"w-person-content\"><h4 itemprop=\"name\" class=\"w-person-name\"><span>Kerstin Bilek<\/span><\/h4><div class=\"w-person-role\" itemprop=\"jobTitle\">Grafikdesign<\/div><\/div><\/div><\/div><\/div><\/div><div class=\"vc_col-sm-1\/5 wpb_column vc_column_container\"><div class=\"vc_column-inner\"><div class=\"wpb_wrapper\"><div class=\"w-person layout_modern effect_bw\" itemscope itemtype=\"https:\/\/schema.org\/Person\"><div class=\"w-person-image\"><img loading=\"lazy\" decoding=\"async\" width=\"591\" height=\"591\" src=\"http:\/\/www.kulturgestalten.net\/wp-content\/uploads\/2019\/12\/hermann.jpg\" class=\"attachment-full size-full\" alt=\"\" itemprop=\"image\" srcset=\"http:\/\/www.kulturgestalten.net\/wp-content\/uploads\/2019\/12\/hermann.jpg 591w, http:\/\/www.kulturgestalten.net\/wp-content\/uploads\/2019\/12\/hermann-217x217.jpg 217w\" sizes=\"auto, (max-width: 591px) 100vw, 591px\" \/><\/div><div class=\"w-person-content\"><h4 itemprop=\"name\" class=\"w-person-name\"><span>Herrmann Mey<\/span><\/h4><div class=\"w-person-role\" itemprop=\"jobTitle\">B\u00fchnenbau<\/div><\/div><\/div><\/div><\/div><\/div><div class=\"vc_col-sm-1\/5 wpb_column vc_column_container\"><div class=\"vc_column-inner\"><div class=\"wpb_wrapper\"><div class=\"w-person layout_modern effect_bw\" itemscope itemtype=\"https:\/\/schema.org\/Person\"><div class=\"w-person-image\"><img loading=\"lazy\" decoding=\"async\" width=\"591\" height=\"591\" src=\"http:\/\/www.kulturgestalten.net\/wp-content\/uploads\/2019\/12\/hartl.jpg\" class=\"attachment-full size-full\" alt=\"\" itemprop=\"image\" srcset=\"http:\/\/www.kulturgestalten.net\/wp-content\/uploads\/2019\/12\/hartl.jpg 591w, http:\/\/www.kulturgestalten.net\/wp-content\/uploads\/2019\/12\/hartl-217x217.jpg 217w\" sizes=\"auto, (max-width: 591px) 100vw, 591px\" \/><\/div><div class=\"w-person-content\"><h4 itemprop=\"name\" class=\"w-person-name\"><span>Hartmut Froese<\/span><\/h4><div class=\"w-person-role\" itemprop=\"jobTitle\">Organisation<\/div><\/div><\/div><\/div><\/div><\/div><div class=\"vc_col-sm-1\/5 wpb_column vc_column_container\"><div class=\"vc_column-inner\"><div class=\"wpb_wrapper\"><div class=\"w-person layout_modern effect_bw\" itemscope itemtype=\"https:\/\/schema.org\/Person\"><div class=\"w-person-image\"><img loading=\"lazy\" decoding=\"async\" width=\"591\" height=\"591\" src=\"http:\/\/www.kulturgestalten.net\/wp-content\/uploads\/2019\/12\/georg.jpg\" class=\"attachment-full size-full\" alt=\"\" itemprop=\"image\" srcset=\"http:\/\/www.kulturgestalten.net\/wp-content\/uploads\/2019\/12\/georg.jpg 591w, http:\/\/www.kulturgestalten.net\/wp-content\/uploads\/2019\/12\/georg-217x217.jpg 217w\" sizes=\"auto, (max-width: 591px) 100vw, 591px\" \/><\/div><div class=\"w-person-content\"><h4 itemprop=\"name\" class=\"w-person-name\"><span>Georg Latzko<\/span><\/h4><div class=\"w-person-role\" itemprop=\"jobTitle\">Videotechnik<\/div><\/div><\/div><\/div><\/div><\/div><\/div><\/div><\/section><section class=\"l-section wpb_row height_medium\"><div class=\"l-section-h i-cf\"><div class=\"g-cols vc_row via_flex valign_middle type_default stacking_default\"><div class=\"vc_col-sm-1\/5 wpb_column vc_column_container\"><div class=\"vc_column-inner\"><div class=\"wpb_wrapper\"><div class=\"w-person layout_modern effect_bw\" itemscope itemtype=\"https:\/\/schema.org\/Person\"><div class=\"w-person-image\"><img loading=\"lazy\" decoding=\"async\" width=\"591\" height=\"591\" src=\"http:\/\/www.kulturgestalten.net\/wp-content\/uploads\/2022\/12\/nina.jpg\" class=\"attachment-full size-full\" alt=\"\" itemprop=\"image\" srcset=\"http:\/\/www.kulturgestalten.net\/wp-content\/uploads\/2022\/12\/nina.jpg 591w, http:\/\/www.kulturgestalten.net\/wp-content\/uploads\/2022\/12\/nina-217x217.jpg 217w, http:\/\/www.kulturgestalten.net\/wp-content\/uploads\/2022\/12\/nina-400x400.jpg 400w, http:\/\/www.kulturgestalten.net\/wp-content\/uploads\/2022\/12\/nina-200x200.jpg 200w, http:\/\/www.kulturgestalten.net\/wp-content\/uploads\/2022\/12\/nina-300x300.jpg 300w\" sizes=\"auto, (max-width: 591px) 100vw, 591px\" \/><\/div><div class=\"w-person-content\"><h4 itemprop=\"name\" class=\"w-person-name\"><span>Nina Pfundstein<\/span><\/h4><div class=\"w-person-role\" itemprop=\"jobTitle\">Schauspiel<\/div><\/div><\/div><\/div><\/div><\/div><div class=\"vc_col-sm-1\/5 wpb_column vc_column_container\"><div class=\"vc_column-inner\"><div class=\"wpb_wrapper\"><div class=\"w-person layout_modern effect_bw\" itemscope itemtype=\"https:\/\/schema.org\/Person\"><div class=\"w-person-image\"><img loading=\"lazy\" decoding=\"async\" width=\"591\" height=\"591\" src=\"http:\/\/www.kulturgestalten.net\/wp-content\/uploads\/2021\/07\/moritz.jpg\" class=\"attachment-full size-full\" alt=\"\" itemprop=\"image\" srcset=\"http:\/\/www.kulturgestalten.net\/wp-content\/uploads\/2021\/07\/moritz.jpg 591w, http:\/\/www.kulturgestalten.net\/wp-content\/uploads\/2021\/07\/moritz-217x217.jpg 217w, http:\/\/www.kulturgestalten.net\/wp-content\/uploads\/2021\/07\/moritz-400x400.jpg 400w, http:\/\/www.kulturgestalten.net\/wp-content\/uploads\/2021\/07\/moritz-200x200.jpg 200w, http:\/\/www.kulturgestalten.net\/wp-content\/uploads\/2021\/07\/moritz-300x300.jpg 300w\" sizes=\"auto, (max-width: 591px) 100vw, 591px\" \/><\/div><div class=\"w-person-content\"><h4 itemprop=\"name\" class=\"w-person-name\"><span>Moritz Schenk<\/span><\/h4><div class=\"w-person-role\" itemprop=\"jobTitle\">Schauspiel<\/div><\/div><\/div><\/div><\/div><\/div><div class=\"vc_col-sm-1\/5 wpb_column vc_column_container\"><div class=\"vc_column-inner\"><div class=\"wpb_wrapper\"><div class=\"w-person layout_modern effect_bw\" itemscope itemtype=\"https:\/\/schema.org\/Person\"><div class=\"w-person-image\"><img loading=\"lazy\" decoding=\"async\" width=\"591\" height=\"591\" src=\"http:\/\/www.kulturgestalten.net\/wp-content\/uploads\/2024\/09\/uli.jpg\" class=\"attachment-full size-full\" alt=\"\" itemprop=\"image\" srcset=\"http:\/\/www.kulturgestalten.net\/wp-content\/uploads\/2024\/09\/uli.jpg 591w, http:\/\/www.kulturgestalten.net\/wp-content\/uploads\/2024\/09\/uli-217x217.jpg 217w, http:\/\/www.kulturgestalten.net\/wp-content\/uploads\/2024\/09\/uli-400x400.jpg 400w, http:\/\/www.kulturgestalten.net\/wp-content\/uploads\/2024\/09\/uli-200x200.jpg 200w, http:\/\/www.kulturgestalten.net\/wp-content\/uploads\/2024\/09\/uli-300x300.jpg 300w\" sizes=\"auto, (max-width: 591px) 100vw, 591px\" \/><\/div><div class=\"w-person-content\"><h4 itemprop=\"name\" class=\"w-person-name\"><span>Ulrich Pflanz<\/span><\/h4><div class=\"w-person-role\" itemprop=\"jobTitle\">Musik, Technik<\/div><\/div><\/div><\/div><\/div><\/div><div class=\"vc_col-sm-1\/5 wpb_column vc_column_container\"><div class=\"vc_column-inner\"><div class=\"wpb_wrapper\"><div class=\"w-person layout_modern effect_bw\" itemscope itemtype=\"https:\/\/schema.org\/Person\"><div class=\"w-person-image\"><img loading=\"lazy\" decoding=\"async\" width=\"591\" height=\"591\" src=\"http:\/\/www.kulturgestalten.net\/wp-content\/uploads\/2019\/12\/martin.jpg\" class=\"attachment-full size-full\" alt=\"\" itemprop=\"image\" srcset=\"http:\/\/www.kulturgestalten.net\/wp-content\/uploads\/2019\/12\/martin.jpg 591w, http:\/\/www.kulturgestalten.net\/wp-content\/uploads\/2019\/12\/martin-217x217.jpg 217w\" sizes=\"auto, (max-width: 591px) 100vw, 591px\" \/><\/div><div class=\"w-person-content\"><h4 itemprop=\"name\" class=\"w-person-name\"><span>Martin Brunner<\/span><\/h4><div class=\"w-person-role\" itemprop=\"jobTitle\">B\u00fchnenbau<\/div><\/div><\/div><\/div><\/div><\/div><div class=\"vc_col-sm-1\/5 wpb_column vc_column_container\"><div class=\"vc_column-inner\"><div class=\"wpb_wrapper\"><div class=\"w-person layout_modern effect_bw\" itemscope itemtype=\"https:\/\/schema.org\/Person\"><div class=\"w-person-image\"><img loading=\"lazy\" decoding=\"async\" width=\"591\" height=\"591\" src=\"http:\/\/www.kulturgestalten.net\/wp-content\/uploads\/2019\/12\/thorsten.jpg\" class=\"attachment-full size-full\" alt=\"\" itemprop=\"image\" srcset=\"http:\/\/www.kulturgestalten.net\/wp-content\/uploads\/2019\/12\/thorsten.jpg 591w, http:\/\/www.kulturgestalten.net\/wp-content\/uploads\/2019\/12\/thorsten-217x217.jpg 217w\" sizes=\"auto, (max-width: 591px) 100vw, 591px\" \/><\/div><div class=\"w-person-content\"><h4 itemprop=\"name\" class=\"w-person-name\"><span>Thorsten Sch\u00f6ller<\/span><\/h4><div class=\"w-person-role\" itemprop=\"jobTitle\">B\u00fchnenbau<\/div><\/div><\/div><\/div><\/div><\/div><\/div><\/div><\/section><section class=\"l-section wpb_row height_medium\"><div class=\"l-section-h i-cf\"><div class=\"g-cols vc_row via_flex valign_middle type_default stacking_default\"><div class=\"vc_col-sm-1\/5 wpb_column vc_column_container\"><div class=\"vc_column-inner\"><div class=\"wpb_wrapper\"><div class=\"w-person layout_modern effect_bw\" itemscope itemtype=\"https:\/\/schema.org\/Person\"><div class=\"w-person-image\"><img loading=\"lazy\" decoding=\"async\" width=\"2560\" height=\"2560\" src=\"http:\/\/www.kulturgestalten.net\/wp-content\/uploads\/2021\/08\/eva-scaled.jpg\" class=\"attachment-full size-full\" alt=\"\" itemprop=\"image\" srcset=\"http:\/\/www.kulturgestalten.net\/wp-content\/uploads\/2021\/08\/eva-scaled.jpg 2560w, http:\/\/www.kulturgestalten.net\/wp-content\/uploads\/2021\/08\/eva-217x217.jpg 217w, http:\/\/www.kulturgestalten.net\/wp-content\/uploads\/2021\/08\/eva-600x600.jpg 600w, http:\/\/www.kulturgestalten.net\/wp-content\/uploads\/2021\/08\/eva-400x400.jpg 400w, http:\/\/www.kulturgestalten.net\/wp-content\/uploads\/2021\/08\/eva-200x200.jpg 200w, http:\/\/www.kulturgestalten.net\/wp-content\/uploads\/2021\/08\/eva-300x300.jpg 300w\" sizes=\"auto, (max-width: 2560px) 100vw, 2560px\" \/><\/div><div class=\"w-person-content\"><div class=\"w-person-role\" itemprop=\"jobTitle\">Organisation<\/div><\/div><\/div><\/div><\/div><\/div><div class=\"vc_col-sm-1\/5 wpb_column vc_column_container\"><div class=\"vc_column-inner\"><div class=\"wpb_wrapper\"><div class=\"w-person layout_modern effect_bw\" itemscope itemtype=\"https:\/\/schema.org\/Person\"><div class=\"w-person-image\"><img loading=\"lazy\" decoding=\"async\" width=\"591\" height=\"591\" src=\"http:\/\/www.kulturgestalten.net\/wp-content\/uploads\/2025\/08\/martinaj.jpg\" class=\"attachment-full size-full\" alt=\"\" itemprop=\"image\" srcset=\"http:\/\/www.kulturgestalten.net\/wp-content\/uploads\/2025\/08\/martinaj.jpg 591w, http:\/\/www.kulturgestalten.net\/wp-content\/uploads\/2025\/08\/martinaj-217x217.jpg 217w, http:\/\/www.kulturgestalten.net\/wp-content\/uploads\/2025\/08\/martinaj-400x400.jpg 400w, http:\/\/www.kulturgestalten.net\/wp-content\/uploads\/2025\/08\/martinaj-200x200.jpg 200w, http:\/\/www.kulturgestalten.net\/wp-content\/uploads\/2025\/08\/martinaj-300x300.jpg 300w\" sizes=\"auto, (max-width: 591px) 100vw, 591px\" \/><\/div><div class=\"w-person-content\"><h4 itemprop=\"name\" class=\"w-person-name\"><span>Martina Junker<\/span><\/h4><div class=\"w-person-role\" itemprop=\"jobTitle\">Maske<\/div><\/div><\/div><\/div><\/div><\/div><div class=\"vc_col-sm-1\/5 wpb_column vc_column_container\"><div class=\"vc_column-inner\"><div class=\"wpb_wrapper\"><div class=\"w-person layout_modern effect_bw\" itemscope itemtype=\"https:\/\/schema.org\/Person\"><div class=\"w-person-image\"><img loading=\"lazy\" decoding=\"async\" width=\"591\" height=\"591\" src=\"http:\/\/www.kulturgestalten.net\/wp-content\/uploads\/2025\/08\/dorina.jpg\" class=\"attachment-full size-full\" alt=\"\" itemprop=\"image\" srcset=\"http:\/\/www.kulturgestalten.net\/wp-content\/uploads\/2025\/08\/dorina.jpg 591w, http:\/\/www.kulturgestalten.net\/wp-content\/uploads\/2025\/08\/dorina-217x217.jpg 217w, http:\/\/www.kulturgestalten.net\/wp-content\/uploads\/2025\/08\/dorina-400x400.jpg 400w, http:\/\/www.kulturgestalten.net\/wp-content\/uploads\/2025\/08\/dorina-200x200.jpg 200w, http:\/\/www.kulturgestalten.net\/wp-content\/uploads\/2025\/08\/dorina-300x300.jpg 300w\" sizes=\"auto, (max-width: 591px) 100vw, 591px\" \/><\/div><div class=\"w-person-content\"><h4 itemprop=\"name\" class=\"w-person-name\"><span>Dorina Walter<\/span><\/h4><div class=\"w-person-role\" itemprop=\"jobTitle\">Schauspiel<\/div><\/div><\/div><\/div><\/div><\/div><div class=\"vc_col-sm-1\/5 wpb_column vc_column_container\"><div class=\"vc_column-inner\"><div class=\"wpb_wrapper\"><div class=\"w-person layout_modern effect_bw\" itemscope itemtype=\"https:\/\/schema.org\/Person\"><div class=\"w-person-image\"><img loading=\"lazy\" decoding=\"async\" width=\"2560\" height=\"2560\" src=\"http:\/\/www.kulturgestalten.net\/wp-content\/uploads\/2023\/07\/silja2023-scaled.jpg\" class=\"attachment-full size-full\" alt=\"\" itemprop=\"image\" srcset=\"http:\/\/www.kulturgestalten.net\/wp-content\/uploads\/2023\/07\/silja2023-scaled.jpg 2560w, http:\/\/www.kulturgestalten.net\/wp-content\/uploads\/2023\/07\/silja2023-217x217.jpg 217w, http:\/\/www.kulturgestalten.net\/wp-content\/uploads\/2023\/07\/silja2023-600x600.jpg 600w, http:\/\/www.kulturgestalten.net\/wp-content\/uploads\/2023\/07\/silja2023-400x400.jpg 400w, http:\/\/www.kulturgestalten.net\/wp-content\/uploads\/2023\/07\/silja2023-200x200.jpg 200w, http:\/\/www.kulturgestalten.net\/wp-content\/uploads\/2023\/07\/silja2023-300x300.jpg 300w\" sizes=\"auto, (max-width: 2560px) 100vw, 2560px\" \/><\/div><div class=\"w-person-content\"><h4 itemprop=\"name\" class=\"w-person-name\"><span>Silja Ernsperger<\/span><\/h4><div class=\"w-person-role\" itemprop=\"jobTitle\">Schauspiel<\/div><\/div><\/div><\/div><\/div><\/div><div class=\"vc_col-sm-1\/5 wpb_column vc_column_container\"><div class=\"vc_column-inner\"><div class=\"wpb_wrapper\"><div class=\"w-person layout_modern effect_bw\" itemscope itemtype=\"https:\/\/schema.org\/Person\"><div class=\"w-person-image\"><img loading=\"lazy\" decoding=\"async\" width=\"591\" height=\"591\" src=\"http:\/\/www.kulturgestalten.net\/wp-content\/uploads\/2019\/12\/philipp.jpg\" class=\"attachment-full size-full\" alt=\"\" itemprop=\"image\" srcset=\"http:\/\/www.kulturgestalten.net\/wp-content\/uploads\/2019\/12\/philipp.jpg 591w, http:\/\/www.kulturgestalten.net\/wp-content\/uploads\/2019\/12\/philipp-217x217.jpg 217w\" sizes=\"auto, (max-width: 591px) 100vw, 591px\" \/><\/div><div class=\"w-person-content\"><h4 itemprop=\"name\" class=\"w-person-name\"><span>Philipp M\u00fcller<\/span><\/h4><div class=\"w-person-role\" itemprop=\"jobTitle\">Licht und Tontechnik<\/div><\/div><\/div><\/div><\/div><\/div><\/div><\/div><\/section><section class=\"l-section wpb_row height_medium\"><div class=\"l-section-h i-cf\"><div class=\"g-cols vc_row via_flex valign_middle type_default stacking_default\"><div class=\"vc_col-sm-1\/5 wpb_column vc_column_container\"><div class=\"vc_column-inner\"><div class=\"wpb_wrapper\"><div class=\"w-person layout_modern effect_bw\" itemscope itemtype=\"https:\/\/schema.org\/Person\"><div class=\"w-person-image\"><img loading=\"lazy\" decoding=\"async\" width=\"591\" height=\"591\" src=\"http:\/\/www.kulturgestalten.net\/wp-content\/uploads\/2024\/08\/Ina2024.jpg\" class=\"attachment-full size-full\" alt=\"\" itemprop=\"image\" srcset=\"http:\/\/www.kulturgestalten.net\/wp-content\/uploads\/2024\/08\/Ina2024.jpg 591w, http:\/\/www.kulturgestalten.net\/wp-content\/uploads\/2024\/08\/Ina2024-217x217.jpg 217w, http:\/\/www.kulturgestalten.net\/wp-content\/uploads\/2024\/08\/Ina2024-400x400.jpg 400w, http:\/\/www.kulturgestalten.net\/wp-content\/uploads\/2024\/08\/Ina2024-200x200.jpg 200w, http:\/\/www.kulturgestalten.net\/wp-content\/uploads\/2024\/08\/Ina2024-300x300.jpg 300w\" sizes=\"auto, (max-width: 591px) 100vw, 591px\" \/><\/div><div class=\"w-person-content\"><h4 itemprop=\"name\" class=\"w-person-name\"><span>Ina Schenk<\/span><\/h4><div class=\"w-person-role\" itemprop=\"jobTitle\">Schauspiel<\/div><\/div><\/div><\/div><\/div><\/div><div class=\"vc_col-sm-1\/5 wpb_column vc_column_container\"><div class=\"vc_column-inner\"><div class=\"wpb_wrapper\"><div class=\"w-person layout_modern effect_bw\" itemscope itemtype=\"https:\/\/schema.org\/Person\"><div class=\"w-person-image\"><img loading=\"lazy\" decoding=\"async\" width=\"591\" height=\"591\" src=\"http:\/\/www.kulturgestalten.net\/wp-content\/uploads\/2022\/07\/emily.jpg\" class=\"attachment-full size-full\" alt=\"\" itemprop=\"image\" srcset=\"http:\/\/www.kulturgestalten.net\/wp-content\/uploads\/2022\/07\/emily.jpg 591w, http:\/\/www.kulturgestalten.net\/wp-content\/uploads\/2022\/07\/emily-217x217.jpg 217w, http:\/\/www.kulturgestalten.net\/wp-content\/uploads\/2022\/07\/emily-400x400.jpg 400w, http:\/\/www.kulturgestalten.net\/wp-content\/uploads\/2022\/07\/emily-200x200.jpg 200w, http:\/\/www.kulturgestalten.net\/wp-content\/uploads\/2022\/07\/emily-300x300.jpg 300w\" sizes=\"auto, (max-width: 591px) 100vw, 591px\" \/><\/div><div class=\"w-person-content\"><h4 itemprop=\"name\" class=\"w-person-name\"><span>Emily Welk<\/span><\/h4><div class=\"w-person-role\" itemprop=\"jobTitle\">Schauspiel<\/div><\/div><\/div><\/div><\/div><\/div><div class=\"vc_col-sm-1\/5 wpb_column vc_column_container\"><div class=\"vc_column-inner\"><div class=\"wpb_wrapper\"><div class=\"w-person layout_modern effect_bw\" itemscope itemtype=\"https:\/\/schema.org\/Person\"><div class=\"w-person-image\"><img loading=\"lazy\" decoding=\"async\" width=\"591\" height=\"591\" src=\"http:\/\/www.kulturgestalten.net\/wp-content\/uploads\/2024\/08\/geli.jpg\" class=\"attachment-full size-full\" alt=\"\" itemprop=\"image\" srcset=\"http:\/\/www.kulturgestalten.net\/wp-content\/uploads\/2024\/08\/geli.jpg 591w, http:\/\/www.kulturgestalten.net\/wp-content\/uploads\/2024\/08\/geli-217x217.jpg 217w, http:\/\/www.kulturgestalten.net\/wp-content\/uploads\/2024\/08\/geli-400x400.jpg 400w, http:\/\/www.kulturgestalten.net\/wp-content\/uploads\/2024\/08\/geli-200x200.jpg 200w, http:\/\/www.kulturgestalten.net\/wp-content\/uploads\/2024\/08\/geli-300x300.jpg 300w\" sizes=\"auto, (max-width: 591px) 100vw, 591px\" \/><\/div><div class=\"w-person-content\"><h4 itemprop=\"name\" class=\"w-person-name\"><span>Angelika Brunner<\/span><\/h4><div class=\"w-person-role\" itemprop=\"jobTitle\">Schauspiel<\/div><\/div><\/div><\/div><\/div><\/div><div class=\"vc_col-sm-1\/5 wpb_column vc_column_container\"><div class=\"vc_column-inner\"><div class=\"wpb_wrapper\"><div class=\"w-person layout_modern effect_bw\" itemscope itemtype=\"https:\/\/schema.org\/Person\"><div class=\"w-person-image\"><img loading=\"lazy\" decoding=\"async\" width=\"591\" height=\"591\" src=\"http:\/\/www.kulturgestalten.net\/wp-content\/uploads\/2024\/12\/Aaron2024.jpg\" class=\"attachment-full size-full\" alt=\"\" itemprop=\"image\" srcset=\"http:\/\/www.kulturgestalten.net\/wp-content\/uploads\/2024\/12\/Aaron2024.jpg 591w, http:\/\/www.kulturgestalten.net\/wp-content\/uploads\/2024\/12\/Aaron2024-217x217.jpg 217w, http:\/\/www.kulturgestalten.net\/wp-content\/uploads\/2024\/12\/Aaron2024-400x400.jpg 400w, http:\/\/www.kulturgestalten.net\/wp-content\/uploads\/2024\/12\/Aaron2024-200x200.jpg 200w, http:\/\/www.kulturgestalten.net\/wp-content\/uploads\/2024\/12\/Aaron2024-300x300.jpg 300w\" sizes=\"auto, (max-width: 591px) 100vw, 591px\" \/><\/div><div class=\"w-person-content\"><h4 itemprop=\"name\" class=\"w-person-name\"><span>Aaron Brunner<\/span><\/h4><div class=\"w-person-role\" itemprop=\"jobTitle\">Schauspiel<\/div><\/div><\/div><\/div><\/div><\/div><div class=\"vc_col-sm-1\/5 wpb_column vc_column_container\"><div class=\"vc_column-inner\"><div class=\"wpb_wrapper\"><div class=\"w-person layout_modern effect_bw\" itemscope itemtype=\"https:\/\/schema.org\/Person\"><div class=\"w-person-image\"><img loading=\"lazy\" decoding=\"async\" width=\"591\" height=\"591\" src=\"http:\/\/www.kulturgestalten.net\/wp-content\/uploads\/2024\/08\/Luisa.jpg\" class=\"attachment-full size-full\" alt=\"\" itemprop=\"image\" srcset=\"http:\/\/www.kulturgestalten.net\/wp-content\/uploads\/2024\/08\/Luisa.jpg 591w, http:\/\/www.kulturgestalten.net\/wp-content\/uploads\/2024\/08\/Luisa-217x217.jpg 217w, http:\/\/www.kulturgestalten.net\/wp-content\/uploads\/2024\/08\/Luisa-400x400.jpg 400w, http:\/\/www.kulturgestalten.net\/wp-content\/uploads\/2024\/08\/Luisa-200x200.jpg 200w, http:\/\/www.kulturgestalten.net\/wp-content\/uploads\/2024\/08\/Luisa-300x300.jpg 300w\" sizes=\"auto, (max-width: 591px) 100vw, 591px\" \/><\/div><div class=\"w-person-content\"><h4 itemprop=\"name\" class=\"w-person-name\"><span>Luisa Mack<\/span><\/h4><div class=\"w-person-role\" itemprop=\"jobTitle\">Schauspiel<\/div><\/div><\/div><\/div><\/div><\/div><\/div><\/div><\/section><section class=\"l-section wpb_row height_medium\"><div class=\"l-section-h i-cf\"><div class=\"g-cols vc_row via_flex valign_middle type_default stacking_default\"><div class=\"vc_col-sm-1\/5 wpb_column vc_column_container\"><div class=\"vc_column-inner\"><div class=\"wpb_wrapper\"><div class=\"w-person layout_modern effect_bw\" itemscope itemtype=\"https:\/\/schema.org\/Person\"><div class=\"w-person-image\"><img loading=\"lazy\" decoding=\"async\" width=\"591\" height=\"591\" src=\"http:\/\/www.kulturgestalten.net\/wp-content\/uploads\/2024\/08\/andreea.jpg\" class=\"attachment-full size-full\" alt=\"\" itemprop=\"image\" srcset=\"http:\/\/www.kulturgestalten.net\/wp-content\/uploads\/2024\/08\/andreea.jpg 591w, http:\/\/www.kulturgestalten.net\/wp-content\/uploads\/2024\/08\/andreea-217x217.jpg 217w, http:\/\/www.kulturgestalten.net\/wp-content\/uploads\/2024\/08\/andreea-400x400.jpg 400w, http:\/\/www.kulturgestalten.net\/wp-content\/uploads\/2024\/08\/andreea-200x200.jpg 200w, http:\/\/www.kulturgestalten.net\/wp-content\/uploads\/2024\/08\/andreea-300x300.jpg 300w\" sizes=\"auto, (max-width: 591px) 100vw, 591px\" \/><\/div><div class=\"w-person-content\"><h4 itemprop=\"name\" class=\"w-person-name\"><span>Andreea Pavel<\/span><\/h4><div class=\"w-person-role\" itemprop=\"jobTitle\">Schauspiel<\/div><\/div><\/div><\/div><\/div><\/div><div class=\"vc_col-sm-1\/5 wpb_column vc_column_container\"><div class=\"vc_column-inner\"><div class=\"wpb_wrapper\"><div class=\"w-person layout_modern effect_bw\" itemscope itemtype=\"https:\/\/schema.org\/Person\"><div class=\"w-person-image\"><img loading=\"lazy\" decoding=\"async\" width=\"2560\" height=\"2560\" src=\"http:\/\/www.kulturgestalten.net\/wp-content\/uploads\/2023\/07\/sophia2023-scaled.jpg\" class=\"attachment-full size-full\" alt=\"\" itemprop=\"image\" srcset=\"http:\/\/www.kulturgestalten.net\/wp-content\/uploads\/2023\/07\/sophia2023-scaled.jpg 2560w, http:\/\/www.kulturgestalten.net\/wp-content\/uploads\/2023\/07\/sophia2023-217x217.jpg 217w, http:\/\/www.kulturgestalten.net\/wp-content\/uploads\/2023\/07\/sophia2023-600x600.jpg 600w, http:\/\/www.kulturgestalten.net\/wp-content\/uploads\/2023\/07\/sophia2023-400x400.jpg 400w, http:\/\/www.kulturgestalten.net\/wp-content\/uploads\/2023\/07\/sophia2023-200x200.jpg 200w, http:\/\/www.kulturgestalten.net\/wp-content\/uploads\/2023\/07\/sophia2023-300x300.jpg 300w\" sizes=\"auto, (max-width: 2560px) 100vw, 2560px\" \/><\/div><div class=\"w-person-content\"><h4 itemprop=\"name\" class=\"w-person-name\"><span>Sophia Kling<\/span><\/h4><div class=\"w-person-role\" itemprop=\"jobTitle\">Schauspiel<\/div><\/div><\/div><\/div><\/div><\/div><div class=\"vc_col-sm-1\/5 wpb_column vc_column_container\"><div class=\"vc_column-inner\"><div class=\"wpb_wrapper\"><div class=\"w-person layout_modern effect_bw\" itemscope itemtype=\"https:\/\/schema.org\/Person\"><div class=\"w-person-image\"><img loading=\"lazy\" decoding=\"async\" width=\"591\" height=\"591\" src=\"http:\/\/www.kulturgestalten.net\/wp-content\/uploads\/2024\/08\/sara.jpg\" class=\"attachment-full size-full\" alt=\"\" itemprop=\"image\" srcset=\"http:\/\/www.kulturgestalten.net\/wp-content\/uploads\/2024\/08\/sara.jpg 591w, http:\/\/www.kulturgestalten.net\/wp-content\/uploads\/2024\/08\/sara-217x217.jpg 217w, http:\/\/www.kulturgestalten.net\/wp-content\/uploads\/2024\/08\/sara-400x400.jpg 400w, http:\/\/www.kulturgestalten.net\/wp-content\/uploads\/2024\/08\/sara-200x200.jpg 200w, http:\/\/www.kulturgestalten.net\/wp-content\/uploads\/2024\/08\/sara-300x300.jpg 300w\" sizes=\"auto, (max-width: 591px) 100vw, 591px\" \/><\/div><div class=\"w-person-content\"><h4 itemprop=\"name\" class=\"w-person-name\"><span>Sara Neculai<\/span><\/h4><div class=\"w-person-role\" itemprop=\"jobTitle\">Schauspiel<\/div><\/div><\/div><\/div><\/div><\/div><div class=\"vc_col-sm-1\/5 wpb_column vc_column_container\"><div class=\"vc_column-inner\"><div class=\"wpb_wrapper\"><div class=\"w-person layout_modern effect_bw\" itemscope itemtype=\"https:\/\/schema.org\/Person\"><div class=\"w-person-image\"><img loading=\"lazy\" decoding=\"async\" width=\"2560\" height=\"2560\" src=\"http:\/\/www.kulturgestalten.net\/wp-content\/uploads\/2023\/07\/nele2023-scaled.jpg\" class=\"attachment-full size-full\" alt=\"\" itemprop=\"image\" srcset=\"http:\/\/www.kulturgestalten.net\/wp-content\/uploads\/2023\/07\/nele2023-scaled.jpg 2560w, http:\/\/www.kulturgestalten.net\/wp-content\/uploads\/2023\/07\/nele2023-217x217.jpg 217w, http:\/\/www.kulturgestalten.net\/wp-content\/uploads\/2023\/07\/nele2023-600x600.jpg 600w, http:\/\/www.kulturgestalten.net\/wp-content\/uploads\/2023\/07\/nele2023-400x400.jpg 400w, http:\/\/www.kulturgestalten.net\/wp-content\/uploads\/2023\/07\/nele2023-200x200.jpg 200w, http:\/\/www.kulturgestalten.net\/wp-content\/uploads\/2023\/07\/nele2023-300x300.jpg 300w\" sizes=\"auto, (max-width: 2560px) 100vw, 2560px\" \/><\/div><div class=\"w-person-content\"><h4 itemprop=\"name\" class=\"w-person-name\"><span>Nele Heinze<\/span><\/h4><div class=\"w-person-role\" itemprop=\"jobTitle\">Schauspiel<\/div><\/div><\/div><\/div><\/div><\/div><div class=\"vc_col-sm-1\/5 wpb_column vc_column_container\"><div class=\"vc_column-inner\"><div class=\"wpb_wrapper\"><div class=\"w-person layout_modern effect_bw\" itemscope itemtype=\"https:\/\/schema.org\/Person\"><div class=\"w-person-image\"><img loading=\"lazy\" decoding=\"async\" width=\"591\" height=\"591\" src=\"http:\/\/www.kulturgestalten.net\/wp-content\/uploads\/2025\/08\/vanessa-januszok.jpg\" class=\"attachment-full size-full\" alt=\"\" itemprop=\"image\" srcset=\"http:\/\/www.kulturgestalten.net\/wp-content\/uploads\/2025\/08\/vanessa-januszok.jpg 591w, http:\/\/www.kulturgestalten.net\/wp-content\/uploads\/2025\/08\/vanessa-januszok-217x217.jpg 217w, http:\/\/www.kulturgestalten.net\/wp-content\/uploads\/2025\/08\/vanessa-januszok-400x400.jpg 400w, http:\/\/www.kulturgestalten.net\/wp-content\/uploads\/2025\/08\/vanessa-januszok-200x200.jpg 200w, http:\/\/www.kulturgestalten.net\/wp-content\/uploads\/2025\/08\/vanessa-januszok-300x300.jpg 300w\" sizes=\"auto, (max-width: 591px) 100vw, 591px\" \/><\/div><div class=\"w-person-content\"><h4 itemprop=\"name\" class=\"w-person-name\"><span>Vanessa Januszok<\/span><\/h4><div class=\"w-person-role\" itemprop=\"jobTitle\">Schauspiel<\/div><\/div><\/div><\/div><\/div><\/div><\/div><\/div><\/section><section class=\"l-section wpb_row height_medium\"><div class=\"l-section-h i-cf\"><div class=\"g-cols vc_row via_flex valign_middle type_default stacking_default\"><div class=\"vc_col-sm-1\/5 wpb_column vc_column_container\"><div class=\"vc_column-inner\"><div class=\"wpb_wrapper\"><div class=\"w-person layout_modern effect_bw\" itemscope itemtype=\"https:\/\/schema.org\/Person\"><div class=\"w-person-image\"><img loading=\"lazy\" decoding=\"async\" width=\"591\" height=\"591\" src=\"http:\/\/www.kulturgestalten.net\/wp-content\/uploads\/2025\/08\/jonathan.jpg\" class=\"attachment-full size-full\" alt=\"\" itemprop=\"image\" srcset=\"http:\/\/www.kulturgestalten.net\/wp-content\/uploads\/2025\/08\/jonathan.jpg 591w, http:\/\/www.kulturgestalten.net\/wp-content\/uploads\/2025\/08\/jonathan-217x217.jpg 217w, http:\/\/www.kulturgestalten.net\/wp-content\/uploads\/2025\/08\/jonathan-400x400.jpg 400w, http:\/\/www.kulturgestalten.net\/wp-content\/uploads\/2025\/08\/jonathan-200x200.jpg 200w, http:\/\/www.kulturgestalten.net\/wp-content\/uploads\/2025\/08\/jonathan-300x300.jpg 300w\" sizes=\"auto, (max-width: 591px) 100vw, 591px\" \/><\/div><div class=\"w-person-content\"><h4 itemprop=\"name\" class=\"w-person-name\"><span>Jonathan Hegel<\/span><\/h4><div class=\"w-person-role\" itemprop=\"jobTitle\">Schauspiel<\/div><\/div><\/div><\/div><\/div><\/div><div class=\"vc_col-sm-1\/5 wpb_column vc_column_container\"><div class=\"vc_column-inner\"><div class=\"wpb_wrapper\"><div class=\"w-person layout_modern effect_bw\" itemscope itemtype=\"https:\/\/schema.org\/Person\"><div class=\"w-person-image\"><img loading=\"lazy\" decoding=\"async\" width=\"591\" height=\"591\" src=\"http:\/\/www.kulturgestalten.net\/wp-content\/uploads\/2022\/07\/celina.jpg\" class=\"attachment-full size-full\" alt=\"\" itemprop=\"image\" srcset=\"http:\/\/www.kulturgestalten.net\/wp-content\/uploads\/2022\/07\/celina.jpg 591w, http:\/\/www.kulturgestalten.net\/wp-content\/uploads\/2022\/07\/celina-217x217.jpg 217w, http:\/\/www.kulturgestalten.net\/wp-content\/uploads\/2022\/07\/celina-400x400.jpg 400w, http:\/\/www.kulturgestalten.net\/wp-content\/uploads\/2022\/07\/celina-200x200.jpg 200w, http:\/\/www.kulturgestalten.net\/wp-content\/uploads\/2022\/07\/celina-300x300.jpg 300w\" sizes=\"auto, (max-width: 591px) 100vw, 591px\" \/><\/div><div class=\"w-person-content\"><h4 itemprop=\"name\" class=\"w-person-name\"><span>Celina Dirlein<\/span><\/h4><div class=\"w-person-role\" itemprop=\"jobTitle\">Schauspiel<\/div><\/div><\/div><\/div><\/div><\/div><div class=\"vc_col-sm-1\/5 wpb_column vc_column_container\"><div class=\"vc_column-inner\"><div class=\"wpb_wrapper\"><div class=\"w-person layout_modern effect_bw\" itemscope itemtype=\"https:\/\/schema.org\/Person\"><div class=\"w-person-image\"><img loading=\"lazy\" decoding=\"async\" width=\"591\" height=\"591\" src=\"http:\/\/www.kulturgestalten.net\/wp-content\/uploads\/2025\/12\/sophianass.jpg\" class=\"attachment-full size-full\" alt=\"\" itemprop=\"image\" srcset=\"http:\/\/www.kulturgestalten.net\/wp-content\/uploads\/2025\/12\/sophianass.jpg 591w, http:\/\/www.kulturgestalten.net\/wp-content\/uploads\/2025\/12\/sophianass-217x217.jpg 217w, http:\/\/www.kulturgestalten.net\/wp-content\/uploads\/2025\/12\/sophianass-400x400.jpg 400w, http:\/\/www.kulturgestalten.net\/wp-content\/uploads\/2025\/12\/sophianass-200x200.jpg 200w, http:\/\/www.kulturgestalten.net\/wp-content\/uploads\/2025\/12\/sophianass-300x300.jpg 300w\" sizes=\"auto, (max-width: 591px) 100vw, 591px\" \/><\/div><div class=\"w-person-content\"><h4 itemprop=\"name\" class=\"w-person-name\"><span>Sophia Nass<\/span><\/h4><div class=\"w-person-role\" itemprop=\"jobTitle\">Technik<\/div><\/div><\/div><\/div><\/div><\/div><div class=\"vc_col-sm-1\/5 wpb_column vc_column_container\"><div class=\"vc_column-inner\"><div class=\"wpb_wrapper\"><div class=\"w-person layout_modern effect_bw\" itemscope itemtype=\"https:\/\/schema.org\/Person\"><div class=\"w-person-image\"><img loading=\"lazy\" decoding=\"async\" width=\"591\" height=\"591\" src=\"http:\/\/www.kulturgestalten.net\/wp-content\/uploads\/2025\/08\/jakobh.jpg\" class=\"attachment-full size-full\" alt=\"\" itemprop=\"image\" srcset=\"http:\/\/www.kulturgestalten.net\/wp-content\/uploads\/2025\/08\/jakobh.jpg 591w, http:\/\/www.kulturgestalten.net\/wp-content\/uploads\/2025\/08\/jakobh-217x217.jpg 217w, http:\/\/www.kulturgestalten.net\/wp-content\/uploads\/2025\/08\/jakobh-400x400.jpg 400w, http:\/\/www.kulturgestalten.net\/wp-content\/uploads\/2025\/08\/jakobh-200x200.jpg 200w, http:\/\/www.kulturgestalten.net\/wp-content\/uploads\/2025\/08\/jakobh-300x300.jpg 300w\" sizes=\"auto, (max-width: 591px) 100vw, 591px\" \/><\/div><div class=\"w-person-content\"><h4 itemprop=\"name\" class=\"w-person-name\"><span>Jakob Hegel<\/span><\/h4><div class=\"w-person-role\" itemprop=\"jobTitle\">Schauspiel<\/div><\/div><\/div><\/div><\/div><\/div><div class=\"vc_col-sm-1\/5 wpb_column vc_column_container\"><div class=\"vc_column-inner\"><div class=\"wpb_wrapper\"><\/div><\/div><\/div><\/div><\/div><\/section><section class=\"l-section wpb_row height_medium with_shape\"><div class=\"l-section-shape type_wave pos_bottom\" style=\"height:15vmin;color:#333333\"><svg xmlns=\"http:\/\/www.w3.org\/2000\/svg\" viewBox=\"0 4 64 4\" preserveAspectRatio=\"none\" width=\"100%\" height=\"100%\">\r\n\t<path fill=\"currentColor\" d=\"M64 6 C32 0 32 12 0 6 L0 8 L64 8 Z\"\/>\r\n<\/svg><\/div><div class=\"l-section-h i-cf\"><div class=\"g-cols vc_row via_flex valign_top type_default stacking_default\"><div class=\"vc_col-sm-1\/5 wpb_column vc_column_container\"><div class=\"vc_column-inner\"><div class=\"wpb_wrapper\"><div class=\"w-person layout_modern effect_bw\" itemscope itemtype=\"https:\/\/schema.org\/Person\"><div class=\"w-person-image\"><img loading=\"lazy\" decoding=\"async\" width=\"591\" height=\"591\" src=\"http:\/\/www.kulturgestalten.net\/wp-content\/uploads\/2022\/07\/jana.jpg\" class=\"attachment-full size-full\" alt=\"\" itemprop=\"image\" srcset=\"http:\/\/www.kulturgestalten.net\/wp-content\/uploads\/2022\/07\/jana.jpg 591w, http:\/\/www.kulturgestalten.net\/wp-content\/uploads\/2022\/07\/jana-217x217.jpg 217w, http:\/\/www.kulturgestalten.net\/wp-content\/uploads\/2022\/07\/jana-400x400.jpg 400w, http:\/\/www.kulturgestalten.net\/wp-content\/uploads\/2022\/07\/jana-200x200.jpg 200w, http:\/\/www.kulturgestalten.net\/wp-content\/uploads\/2022\/07\/jana-300x300.jpg 300w\" sizes=\"auto, (max-width: 591px) 100vw, 591px\" \/><\/div><div class=\"w-person-content\"><h4 itemprop=\"name\" class=\"w-person-name\"><span>Jana T\u00e4ger<\/span><\/h4><div class=\"w-person-role\" itemprop=\"jobTitle\">Schauspiel<\/div><\/div><\/div><\/div><\/div><\/div><div class=\"vc_col-sm-1\/5 wpb_column vc_column_container\"><div class=\"vc_column-inner\"><div class=\"wpb_wrapper\"><div class=\"w-person layout_modern effect_bw\" itemscope itemtype=\"https:\/\/schema.org\/Person\"><div class=\"w-person-image\"><img loading=\"lazy\" decoding=\"async\" width=\"591\" height=\"591\" src=\"http:\/\/www.kulturgestalten.net\/wp-content\/uploads\/2022\/07\/karolin.jpg\" class=\"attachment-full size-full\" alt=\"\" itemprop=\"image\" srcset=\"http:\/\/www.kulturgestalten.net\/wp-content\/uploads\/2022\/07\/karolin.jpg 591w, http:\/\/www.kulturgestalten.net\/wp-content\/uploads\/2022\/07\/karolin-217x217.jpg 217w, http:\/\/www.kulturgestalten.net\/wp-content\/uploads\/2022\/07\/karolin-400x400.jpg 400w, http:\/\/www.kulturgestalten.net\/wp-content\/uploads\/2022\/07\/karolin-200x200.jpg 200w, http:\/\/www.kulturgestalten.net\/wp-content\/uploads\/2022\/07\/karolin-300x300.jpg 300w\" sizes=\"auto, (max-width: 591px) 100vw, 591px\" \/><\/div><div class=\"w-person-content\"><h4 itemprop=\"name\" class=\"w-person-name\"><span>Carolin Engelhard<\/span><\/h4><div class=\"w-person-role\" itemprop=\"jobTitle\">Schauspiel<\/div><\/div><\/div><\/div><\/div><\/div><div class=\"vc_col-sm-1\/5 wpb_column vc_column_container\"><div class=\"vc_column-inner\"><div class=\"wpb_wrapper\"><\/div><\/div><\/div><div class=\"vc_col-sm-1\/5 wpb_column vc_column_container\"><div class=\"vc_column-inner\"><div class=\"wpb_wrapper\"><\/div><\/div><\/div><div class=\"vc_col-sm-1\/5 wpb_column vc_column_container\"><div class=\"vc_column-inner\"><div class=\"wpb_wrapper\"><\/div><\/div><\/div><\/div><\/div><\/section>\n","protected":false},"excerpt":{"rendered":"Theater lebt von kreativen Menschen. Wir wollen Deine Kreativit\u00e4t f\u00f6rdern und Dir die M\u00f6glichkeit geben Dich mit Deinen individuellen St\u00e4rken in die gemeinsame kulturelle Arbeit mit einzubringen. 1221Kulturgestalten&#8230;bringen sich mit Leidenschaft und Ihren pers\u00f6nlichen Talenten in unseren vielf\u00e4ltigen Projekten ein. 561Darsteller&#8230;werden professionell aus- und weitergebildet um erfolgreich auf der B\u00fchne zu stehen. 121Verantwortungsbereiche&#8230;in denen sich...","protected":false},"author":1,"featured_media":0,"parent":0,"menu_order":0,"comment_status":"closed","ping_status":"closed","template":"","meta":{"_acf_changed":false,"inline_featured_image":false,"footnotes":""},"class_list":["post-194","page","type-page","status-publish","hentry"],"acf":[],"_links":{"self":[{"href":"http:\/\/www.kulturgestalten.net\/index.php\/wp-json\/wp\/v2\/pages\/194","targetHints":{"allow":["GET"]}}],"collection":[{"href":"http:\/\/www.kulturgestalten.net\/index.php\/wp-json\/wp\/v2\/pages"}],"about":[{"href":"http:\/\/www.kulturgestalten.net\/index.php\/wp-json\/wp\/v2\/types\/page"}],"author":[{"embeddable":true,"href":"http:\/\/www.kulturgestalten.net\/index.php\/wp-json\/wp\/v2\/users\/1"}],"replies":[{"embeddable":true,"href":"http:\/\/www.kulturgestalten.net\/index.php\/wp-json\/wp\/v2\/comments?post=194"}],"version-history":[{"count":180,"href":"http:\/\/www.kulturgestalten.net\/index.php\/wp-json\/wp\/v2\/pages\/194\/revisions"}],"predecessor-version":[{"id":9332,"href":"http:\/\/www.kulturgestalten.net\/index.php\/wp-json\/wp\/v2\/pages\/194\/revisions\/9332"}],"wp:attachment":[{"href":"http:\/\/www.kulturgestalten.net\/index.php\/wp-json\/wp\/v2\/media?parent=194"}],"curies":[{"name":"wp","href":"https:\/\/api.w.org\/{rel}","templated":true}]}}